{"id":229,"date":"2014-10-24T14:32:21","date_gmt":"2014-10-24T14:32:21","guid":{"rendered":"http:\/\/localhost:88\/ikmptwp\/?page_id=229"},"modified":"2018-01-30T15:39:40","modified_gmt":"2018-01-30T15:39:40","slug":"home","status":"publish","type":"page","link":"http:\/\/www.ikm-portugal.com\/wp\/","title":{"rendered":"home"},"content":{"rendered":"<div class=\"col-md-12\">\n<div id=\"mainPageCarrousel\" class=\"carousel slide\">\n<div class=\"carousel-inner\">\n<div class=\"item active\">\n<p><img decoding=\"async\" src=\"http:\/\/www.ikm-portugal.com\/wp\/wp-content\/themes\/ikmpt_wp_Theme\/images\/header\/policial.JPG\" alt=\"First slide\" width=\"100%\" \/><\/p>\n<div class=\"carousel-caption\">\n<h3>Krav Maga Policial<\/h3>\n<\/div>\n<\/div>\n<div class=\"item\">\n<p><img decoding=\"async\" src=\"http:\/\/www.ikm-portugal.com\/wp\/wp-content\/themes\/ikmpt_wp_Theme\/images\/header\/vip.jpg\" alt=\"Second slide\" width=\"100%\" \/><\/p>\n<div class=\"carousel-caption\">\n<h3>Protec\u00e7\u00e3o VIP<\/h3>\n<\/div>\n<\/div>\n<div class=\"item\">\n<p><img decoding=\"async\" src=\"http:\/\/www.ikm-portugal.com\/wp\/wp-content\/themes\/ikmpt_wp_Theme\/images\/header\/seg.jpg\" alt=\"Third slide\" width=\"100%\" \/><\/p>\n<div class=\"carousel-caption\">\n<h3>Krav Maga Seguran\u00e7as<\/h3>\n<\/div>\n<\/div>\n<div class=\"item\">\n<p><img decoding=\"async\" src=\"http:\/\/www.ikm-portugal.com\/wp\/wp-content\/themes\/ikmpt_wp_Theme\/images\/header\/kids.jpg\" alt=\"fourth slide\" width=\"100%\" \/><\/p>\n<div class=\"carousel-caption\">\n<h3>Krav Maga Crian\u00e7as<\/h3>\n<\/div>\n<\/div>\n<div class=\"item\">\n<p><img decoding=\"async\" src=\"http:\/\/www.ikm-portugal.com\/wp\/wp-content\/themes\/ikmpt_wp_Theme\/images\/header\/civil.jpg\" alt=\"fifth slide\" width=\"100%\" \/><\/p>\n<div class=\"carousel-caption\">\n<h3>Krav Maga Civil<\/h3>\n<\/div>\n<\/div>\n<div class=\"item\">\n<p><img decoding=\"async\" src=\"http:\/\/www.ikm-portugal.com\/wp\/wp-content\/themes\/ikmpt_wp_Theme\/images\/header\/ladies.jpg\" alt=\"sixth slide\" width=\"100%\" \/><\/p>\n<div class=\"carousel-caption\">\n<h3>Krav Maga Senhoras<\/h3>\n<\/div>\n<\/div>\n<div class=\"item\">\n<p><img decoding=\"async\" src=\"http:\/\/www.ikm-portugal.com\/wp\/wp-content\/themes\/ikmpt_wp_Theme\/images\/header\/military.jpg\" alt=\"fourth slide\" width=\"100%\" \/><\/p>\n<div class=\"carousel-caption\">\n<h3>Krav Maga Militar<\/h3>\n<\/div>\n<\/div>\n<\/div>\n<\/div>\n<\/div>\n<div class=\"marketing\">\n<div class=\"row\"><!-- COLUNA ESQUERDA --><\/p>\n<div class=\"col-lg-6\">\n<p><!-- PAINEL COM ULTIMOS 10 ARTIGOS --><\/p>\n<div class=\"panel panel-frontpage-ikm\">\n<div class=\"panel-heading\">\n<h3 class=\"panel-title\">\u00daltimos artigos publicados<\/h3>\n<\/div>\n\r\n\t<table class=\"table\">\r\n\t<tbody>\r\n\r\n\t\r\n\t<tr>\r\n\t<td><small>28\/12\/2018<\/small><\/td>\r\n\t<td> <a href=\" http:\/\/www.ikm-portugal.com\/wp\/?p=1205 \" rel=\"bookmark\">Mensagem de  final de ano da directora da IKM-Portugal <\/a> <\/td>\r\n\t<\/tr>\r\n\t\r\n\t\r\n\t<tr>\r\n\t<td><small>21\/10\/2018<\/small><\/td>\r\n\t<td> <a href=\" http:\/\/www.ikm-portugal.com\/wp\/?p=1192 \" rel=\"bookmark\">Calend\u00e1rio de actividades 2019 carregado <\/a> <\/td>\r\n\t<\/tr>\r\n\t\r\n\t\r\n\t<tr>\r\n\t<td><small>31\/05\/2018<\/small><\/td>\r\n\t<td> <a href=\" http:\/\/www.ikm-portugal.com\/wp\/?p=1147 \" rel=\"bookmark\">KRAV MAGA, a IKM- Portugal e a sua colabora\u00e7\u00e3o com For\u00e7as Militares Nacionais e Estrangeiras. <\/a> <\/td>\r\n\t<\/tr>\r\n\t\r\n\t\r\n\t<tr>\r\n\t<td><small>27\/05\/2018<\/small><\/td>\r\n\t<td> <a href=\" http:\/\/www.ikm-portugal.com\/wp\/?p=1102 \" rel=\"bookmark\">1\u00ba Evento Internacional 2018 IKM Portugal <\/a> <\/td>\r\n\t<\/tr>\r\n\t\r\n\t\r\n\t<tr>\r\n\t<td><small>30\/01\/2018<\/small><\/td>\r\n\t<td> <a href=\" http:\/\/www.ikm-portugal.com\/wp\/?p=1017 \" rel=\"bookmark\">Military Camp Portugal 2018 <\/a> <\/td>\r\n\t<\/tr>\r\n\t\r\n\t\t\t \r\n\t<\/tbody>\r\n\t<\/table>\r\n\t\r\n\t\n<\/div>\n<\/div>\n<p><!-- COLUNA DiREITA --><\/p>\n<div class=\"col-lg-6\">\n<p><!-- PAINEL CURSO INSTRUTOR --><\/p>\n<div class=\"panel panel-frontpage-ikm\">\n<div class=\"panel-heading\">\n<h3 class=\"panel-title\">Curso de Instrutor Civil IKM 2018<\/h3>\n<\/div>\n<div class=\"panel-body\">\n<p style=\"color: #2e424c;\">O Curso de Instrutor Civil (CIC) da &#8220;Gabi Noah International Krav Maga&#8221; (IKM) \u00e9 a porta de entrada para uma poss\u00edvel carreira como Instrutor de Krav Maga, dentro desta Organiza\u00e7\u00e3o Internacional.<\/p>\n<p style=\"color: #2e424c;\">Para mais informa\u00e7\u00f5es consulte este\u00a0<a style=\"color: #587e93;\" title=\"artigo\" href=\"http:\/\/www.ikm-portugal.com\/wp\/?p=640\">artigo<\/a><\/p>\n<\/div>\n<\/div>\n<p><!-- PAINEL COM EVENTOS IKM --><\/p>\n<div class=\"panel panel-frontpage-ikm\">\n<div class=\"panel-heading\">\n<h3 class=\"panel-title\">Eventos IKM &#8211; Portugal planeados<\/h3>\n<\/div>\n<div class=\"panel-body\">\n<p style=\"color: #2e424c;\">Para al\u00e9m dos\u00a0eventos marcados no calend\u00e1rio IKM para este ano, os nossos instrutores conduzem frequentemente WorkShops de Krav Maga em diversas localidades do nosso Pais.<\/p>\n<p style=\"color: #2e424c;\">Por favor veja mais detalhes na nossa<a style=\"color: #587e93;\" href=\"http:\/\/www.ikm-portugal.com\/wp\/?page_id=203\">\u00a0p\u00e1gina de eventos nacionais e WorkShops Locais<\/a>.<\/p>\n<p style=\"color: #2e424c;\">Outra fonte de informa\u00e7\u00e3o respeitante aos eventos IKM para este ano \u00e9 a nossa p\u00e1gina de <a href=\"https:\/\/www.facebook.com\/IKMPortugal\/?fref=ts\">facebook<\/a>.<\/p>\n<\/div>\n<\/div>\n<\/div>\n<\/div>\n<\/div>\n","protected":false},"excerpt":{"rendered":"<p>Krav Maga Policial Protec\u00e7\u00e3o VIP Krav Maga Seguran\u00e7as Krav Maga Crian\u00e7as Krav Maga Civil Krav Maga Senhoras Krav Maga Militar \u00daltimos artigos publicados Curso de Instrutor Civil IKM 2018 O Curso de Instrutor Civil (CIC) da &#8220;Gabi Noah International Krav Maga&#8221; (IKM) \u00e9 a porta de entrada para uma poss\u00edvel carreira como Instrutor de Krav [&hellip;]<\/p>\n","protected":false},"author":4,"featured_media":0,"parent":0,"menu_order":0,"comment_status":"closed","ping_status":"closed","template":"","meta":{"footnotes":""},"class_list":["post-229","page","type-page","status-publish","hentry"],"_links":{"self":[{"href":"http:\/\/www.ikm-portugal.com\/wp\/index.php?rest_route=\/wp\/v2\/pages\/229","targetHints":{"allow":["GET"]}}],"collection":[{"href":"http:\/\/www.ikm-portugal.com\/wp\/index.php?rest_route=\/wp\/v2\/pages"}],"about":[{"href":"http:\/\/www.ikm-portugal.com\/wp\/index.php?rest_route=\/wp\/v2\/types\/page"}],"author":[{"embeddable":true,"href":"http:\/\/www.ikm-portugal.com\/wp\/index.php?rest_route=\/wp\/v2\/users\/4"}],"replies":[{"embeddable":true,"href":"http:\/\/www.ikm-portugal.com\/wp\/index.php?rest_route=%2Fwp%2Fv2%2Fcomments&post=229"}],"version-history":[{"count":59,"href":"http:\/\/www.ikm-portugal.com\/wp\/index.php?rest_route=\/wp\/v2\/pages\/229\/revisions"}],"predecessor-version":[{"id":1013,"href":"http:\/\/www.ikm-portugal.com\/wp\/index.php?rest_route=\/wp\/v2\/pages\/229\/revisions\/1013"}],"wp:attachment":[{"href":"http:\/\/www.ikm-portugal.com\/wp\/index.php?rest_route=%2Fwp%2Fv2%2Fmedia&parent=229"}],"curies":[{"name":"wp","href":"https:\/\/api.w.org\/{rel}","templated":true}]}}